{"id":1271,"date":"2018-05-17T12:07:13","date_gmt":"2018-05-17T12:07:13","guid":{"rendered":"https:\/\/l2eva.vip\/furesoemuseerLang\/?page_id=1271"},"modified":"2022-05-06T13:19:45","modified_gmt":"2022-05-06T13:19:45","slug":"podwalk-stemmer-fra-furesoe","status":"publish","type":"page","link":"https:\/\/l2eva.vip\/furesoemuseerLang\/om-furesoe-museer\/1829-2\/podwalk-stemmer-fra-furesoe\/","title":{"rendered":"Podwalk"},"content":{"rendered":"<p><strong>Stemmer fra Fures\u00f8 <\/strong><\/p>\n<p>Velkommen til Fures\u00f8 Museers podwalk \u201dStemmer fra Fures\u00f8\u201d. Tag p\u00e5 en tur ud i naturen i det natursk\u00f8nne omr\u00e5de ved Fures\u00f8bad, Fiskeb\u00e6k og den nordlige del af N\u00f8rreskoven &#8211; det gamle gr\u00e6nseland mellem Farum og V\u00e6rl\u00f8se.<\/p>\n<p>Turen er ca. 1,5 km og tager omkring en halv time at g\u00e5. Den er ikke egnet for k\u00f8restolsbrugere.<\/p>\n<p>Turen starter og slutter ved Fures\u00f8bad.<\/p>\n<p><strong>Spilletid<\/strong><\/p>\n<p>Hele turen (ca. 30 min.)<\/p>\n<ol>\n<li><u>Fures\u00f8bad <\/u>(5.12 min.)<\/li>\n<li><u>Svanen<\/u> (1.31 min.)<\/li>\n<li><u>Fiskeb\u00e6kbroen <\/u>(3.06 min.)<\/li>\n<li><u>Jernbanebroen<\/u> (3.25 min.)<\/li>\n<li>5<u>. Fiskeb\u00e6khus <\/u>(4.11 min)<\/li>\n<li><u> Frihedsk\u00e6mpermindestenen<\/u> (3.51 min.)<\/li>\n<li><u>Frederiksborgvej <\/u>(3.21 min.)<\/li>\n<li><u>Valdemarstenen<\/u> (3.30 min.)<\/li>\n<\/ol>\n<p>Podwalken kan hentes her:\u00a0 <a href=\"https:\/\/archive.org\/details\/Fures_MuseerPodwalk-StemmerfraFures_\">https:\/\/archive.org\/details\/Fures_MuseerPodwalk-StemmerfraFuresoe<\/a><\/p>\n<p>Ruten kan downloades <a href=\"https:\/\/l2eva.vip\/furesoemuseerLang\/?attachment_id=1273\" target=\"_blank\" rel=\"noopener noreferrer\">her:\u00a0<\/a><\/p>\n<p><em>Fures\u00f8 Museers podwalk er lavet i samarbejde med Fures\u00f8 Kommunes Center for borgerservice, kultur, idr\u00e6t og fritid.<\/em><\/p>\n<p>&nbsp;<\/p>\n","protected":false},"excerpt":{"rendered":"<p>Stemmer fra Fures\u00f8 Velkommen til Fures\u00f8 Museers podwalk \u201dStemmer fra Fures\u00f8\u201d. Tag p\u00e5 en tur ud i naturen i det natursk\u00f8nne omr\u00e5de ved Fures\u00f8bad, &#8230; <a title=\"Podwalk\" class=\"read-more\" href=\"https:\/\/l2eva.vip\/furesoemuseerLang\/om-furesoe-museer\/1829-2\/podwalk-stemmer-fra-furesoe\/\" aria-label=\"Read more about Podwalk\">L\u00e6s mere <\/a><\/p>\n","protected":false},"author":2,"featured_media":1268,"parent":1829,"menu_order":4,"comment_status":"closed","ping_status":"closed","template":"templates\/builder-page-template.php","meta":{"_acf_changed":false,"_monsterinsights_skip_tracking":false,"footnotes":""},"class_list":["post-1271","page","type-page","status-publish","has-post-thumbnail"],"acf":[],"_links":{"self":[{"href":"https:\/\/l2eva.vip\/furesoemuseerLang\/wp-json\/wp\/v2\/pages\/1271","targetHints":{"allow":["GET"]}}],"collection":[{"href":"https:\/\/l2eva.vip\/furesoemuseerLang\/wp-json\/wp\/v2\/pages"}],"about":[{"href":"https:\/\/l2eva.vip\/furesoemuseerLang\/wp-json\/wp\/v2\/types\/page"}],"author":[{"embeddable":true,"href":"https:\/\/l2eva.vip\/furesoemuseerLang\/wp-json\/wp\/v2\/users\/2"}],"replies":[{"embeddable":true,"href":"https:\/\/l2eva.vip\/furesoemuseerLang\/wp-json\/wp\/v2\/comments?post=1271"}],"version-history":[{"count":5,"href":"https:\/\/l2eva.vip\/furesoemuseerLang\/wp-json\/wp\/v2\/pages\/1271\/revisions"}],"predecessor-version":[{"id":2860,"href":"https:\/\/l2eva.vip\/furesoemuseerLang\/wp-json\/wp\/v2\/pages\/1271\/revisions\/2860"}],"up":[{"embeddable":true,"href":"https:\/\/l2eva.vip\/furesoemuseerLang\/wp-json\/wp\/v2\/pages\/1829"}],"wp:featuredmedia":[{"embeddable":true,"href":"https:\/\/l2eva.vip\/furesoemuseerLang\/wp-json\/wp\/v2\/media\/1268"}],"wp:attachment":[{"href":"https:\/\/l2eva.vip\/furesoemuseerLang\/wp-json\/wp\/v2\/media?parent=1271"}],"curies":[{"name":"wp","href":"https:\/\/api.w.org\/{rel}","templated":true}]}}